{"id":18,"date":"2016-06-19T20:43:27","date_gmt":"2016-06-19T18:43:27","guid":{"rendered":"http:\/\/www.mercatocontadino.org\/public\/?page_id=18"},"modified":"2024-06-07T05:05:31","modified_gmt":"2024-06-07T03:05:31","slug":"mercato-contadino-roma-castelli-romani","status":"publish","type":"page","link":"https:\/\/www.mercatocontadino.org\/public\/mercato-contadino-roma-castelli-romani\/","title":{"rendered":"CHI SIAMO"},"content":{"rendered":"<p>[vc_row css_animation=&#8221;&#8221; row_type=&#8221;row&#8221; use_row_as_full_screen_section=&#8221;no&#8221; type=&#8221;full_width&#8221; angled_section=&#8221;no&#8221; text_align=&#8221;left&#8221; background_image_as_pattern=&#8221;without_pattern&#8221; css=&#8221;.vc_custom_1714691840574{padding-top: 40px !important;padding-bottom: 40px !important;}&#8221; z_index=&#8221;&#8221;][vc_column][vc_column_text]<img loading=\"lazy\" decoding=\"async\" class=\"aligncenter wp-image-4004 size-full\" style=\"max-width: 800px; width: 100%; margin-top: 0; object-fit: cover; object-position: center;\" src=\"https:\/\/www.mercatocontadino.org\/public\/wp-content\/uploads\/2024\/05\/mercato-contadino-roma-mecato-contadino-castelli-romani-bandiera-1.jpg\" alt=\"mercato contadino roma mecato contadino castelli romani bandiera\" width=\"1200\" height=\"840\" srcset=\"https:\/\/www.mercatocontadino.org\/public\/wp-content\/uploads\/2024\/05\/mercato-contadino-roma-mecato-contadino-castelli-romani-bandiera-1.jpg 1200w, https:\/\/www.mercatocontadino.org\/public\/wp-content\/uploads\/2024\/05\/mercato-contadino-roma-mecato-contadino-castelli-romani-bandiera-1-300x210.jpg 300w, https:\/\/www.mercatocontadino.org\/public\/wp-content\/uploads\/2024\/05\/mercato-contadino-roma-mecato-contadino-castelli-romani-bandiera-1-1024x717.jpg 1024w, https:\/\/www.mercatocontadino.org\/public\/wp-content\/uploads\/2024\/05\/mercato-contadino-roma-mecato-contadino-castelli-romani-bandiera-1-768x538.jpg 768w, https:\/\/www.mercatocontadino.org\/public\/wp-content\/uploads\/2024\/05\/mercato-contadino-roma-mecato-contadino-castelli-romani-bandiera-1-700x490.jpg 700w\" sizes=\"(max-width: 1200px) 100vw, 1200px\" \/>[\/vc_column_text][\/vc_column][\/vc_row][vc_row css_animation=&#8221;&#8221; row_type=&#8221;row&#8221; use_row_as_full_screen_section=&#8221;no&#8221; type=&#8221;full_width&#8221; angled_section=&#8221;no&#8221; text_align=&#8221;left&#8221; background_image_as_pattern=&#8221;with_pattern&#8221; background_color=&#8221;#007a0a&#8221; css=&#8221;.vc_custom_1538665207365{background-color: #ffffff !important;}&#8221;][vc_column css=&#8221;.vc_custom_1538666710165{background-color: #127a00 !important;}&#8221;][vc_row_inner row_type=&#8221;row&#8221; type=&#8221;grid&#8221; text_align=&#8221;left&#8221; css_animation=&#8221;&#8221; css=&#8221;.vc_custom_1669893997314{padding-right: 0px !important;padding-bottom: 40px !important;padding-left: 0px !important;}&#8221;][vc_column_inner offset=&#8221;vc_col-md-offset-2 vc_col-md-8&#8243; css=&#8221;.vc_custom_1669893991811{padding-right: 0px !important;padding-left: 0px !important;}&#8221;][vc_column_text css=&#8221;.vc_custom_1583519126803{padding-right: 40px !important;padding-left: 40px !important;}&#8221;]<\/p>\n<h2 style=\"text-align: center; color: #fff; text-transform: uppercase;\">Mercato Contadino Castelli Romani e Roma<\/h2>\n<p>[vc_separator type=&#8217;transparent&#8217; position=&#8217;center&#8217; color=&#8221; thickness=&#8221; up=&#8217;20&#8217; down=&#8221;]<\/p>\n<p style=\"text-align: center; color: #fff;\">Il progetto del Mercato Contadino dei Castelli Romani e di Roma nasce nel 2010, anno mondiale della biodiversit\u00e0, su iniziativa dell\u2019Associazione Km 0 &#8211; Consorzio Agroalimentare di Filiera Corta e dei Mercati Agricoli, in collaborazione con la Provincia di Roma, nell\u2019ambito del Circuito \u201cColtivendo\u201d, grazie all\u2019alleanza tra un gruppo di produttori agricoli di qualit\u00e0 ed una rete di consumatori impegnati in alcuni gruppi di acquisto locale. Gli uni e gli altri uniti da un comune progetto di miglioramento della propria esistenza e di liberazione dalla tirannia dei prodotti dell\u2019agroindustria e della grande distribuzione organizzata (GDO).<\/p>\n<p>[\/vc_column_text][\/vc_column_inner][\/vc_row_inner][\/vc_column][\/vc_row][vc_row css_animation=&#8221;element_from_left&#8221; row_type=&#8221;row&#8221; use_row_as_full_screen_section=&#8221;yes&#8221; type=&#8221;grid&#8221; angled_section=&#8221;no&#8221; text_align=&#8221;left&#8221; background_image_as_pattern=&#8221;without_pattern&#8221; background_color=&#8221;#ffffff&#8221; css=&#8221;.vc_custom_1717729281790{padding-top: 20px !important;padding-bottom: 0px !important;}&#8221; z_index=&#8221;&#8221;][vc_column][vc_column_text]<img loading=\"lazy\" decoding=\"async\" class=\"aligncenter wp-image-4136 size-full\" style=\"width: 100%;\" src=\"https:\/\/www.mercatocontadino.org\/public\/wp-content\/uploads\/2024\/06\/dove-quando-mercato-contadino.jpg\" alt=\"km0 mercato contadino roma castelli romani chi siamo\" width=\"1920\" height=\"550\" srcset=\"https:\/\/www.mercatocontadino.org\/public\/wp-content\/uploads\/2024\/06\/dove-quando-mercato-contadino.jpg 1920w, https:\/\/www.mercatocontadino.org\/public\/wp-content\/uploads\/2024\/06\/dove-quando-mercato-contadino-300x86.jpg 300w, https:\/\/www.mercatocontadino.org\/public\/wp-content\/uploads\/2024\/06\/dove-quando-mercato-contadino-1024x293.jpg 1024w, https:\/\/www.mercatocontadino.org\/public\/wp-content\/uploads\/2024\/06\/dove-quando-mercato-contadino-768x220.jpg 768w, https:\/\/www.mercatocontadino.org\/public\/wp-content\/uploads\/2024\/06\/dove-quando-mercato-contadino-1536x440.jpg 1536w, https:\/\/www.mercatocontadino.org\/public\/wp-content\/uploads\/2024\/06\/dove-quando-mercato-contadino-700x201.jpg 700w\" sizes=\"(max-width: 1920px) 100vw, 1920px\" \/>[\/vc_column_text][\/vc_column][\/vc_row][vc_row css_animation=&#8221;element_from_left&#8221; row_type=&#8221;row&#8221; use_row_as_full_screen_section=&#8221;yes&#8221; type=&#8221;grid&#8221; angled_section=&#8221;no&#8221; text_align=&#8221;left&#8221; background_image_as_pattern=&#8221;without_pattern&#8221; background_color=&#8221;#ffffff&#8221; el_class=&#8221;icon_section&#8221; css=&#8221;.vc_custom_1679431051509{padding-top: 20px !important;padding-bottom: 0px !important;}&#8221; z_index=&#8221;&#8221;][vc_column][vc_row_inner row_type=&#8221;row&#8221; type=&#8221;full_width&#8221; text_align=&#8221;left&#8221; css_animation=&#8221;&#8221; css=&#8221;.vc_custom_1538673233874{padding-top: 40px !important;padding-bottom: 40px !important;}&#8221;][vc_column_inner width=&#8221;1\/3&#8243; css=&#8221;.vc_custom_1538673214986{margin-bottom: 40px !important;padding-right: 40px !important;padding-left: 40px !important;}&#8221;][vc_single_image image=&#8221;202&#8243; img_size=&#8221;full&#8221; alignment=&#8221;center&#8221; qode_css_animation=&#8221;&#8221; el_class=&#8221;width_60&#8243;][vc_column_text]<\/p>\n<h4 style=\"text-align: center;\">EQUILIBRIO<\/h4>\n<p style=\"text-align: center;\">Prezzi pi\u00f9 giusti per i produttori e pi\u00f9 contenuti per i consumatori grazie alla riduzione dei costi delle intermediazioni e dei trasporti, con minore impatto ambientale e maggior risparmio energetico. Con il rispetto dei principi della sovranita&#8217; alimentare e della biodiversit\u00e0 contribuiamo a salvaguardare i monumenti agroalimentari del nostro territorio.<\/p>\n<p>[\/vc_column_text][\/vc_column_inner][vc_column_inner width=&#8221;1\/3&#8243; css=&#8221;.vc_custom_1538673224212{margin-bottom: 40px !important;padding-right: 40px !important;padding-left: 40px !important;}&#8221;][vc_single_image image=&#8221;201&#8243; img_size=&#8221;full&#8221; alignment=&#8221;center&#8221; qode_css_animation=&#8221;&#8221; el_class=&#8221;width_60&#8243;][vc_column_text]<\/p>\n<h4 style=\"text-align: center;\">COOPERAZIONE<\/h4>\n<p style=\"text-align: center;\">Anche <a href=\"http:\/\/www.libera.it\/\">Libera<\/a>, <a href=\"http:\/\/www.greenpeace.org\/italy\/it\/\">Greenpeace<\/a>, <a href=\"http:\/\/www.medicisenzafrontiere.it\/\">Medici Senza Frontiere<\/a>, <a href=\"http:\/\/www.emergency.it\/index.html\">Emergency<\/a>, <a href=\"https:\/\/www.legambiente.it\/\">Legambiente<\/a>, il <a href=\"http:\/\/www.parcocastelliromani.it\/\">Parco dei Castelli Romani<\/a>, <a href=\"http:\/\/www.castelliromanigreentour.it\/web\/\">Castelli Romani Green Tour<\/a>, Castelli Social Tour e tante altre associazioni del territorio, sono con noi, a presidiare le nostre piazze divenute spazi pubblici per la difesa dei diritti di produttori e fruitori, per la difesa dei beni comuni.<\/p>\n<p>[\/vc_column_text][\/vc_column_inner][vc_column_inner width=&#8221;1\/3&#8243; css=&#8221;.vc_custom_1538673379825{margin-bottom: 40px !important;padding-right: 40px !important;padding-left: 40px !important;}&#8221;][vc_single_image image=&#8221;203&#8243; img_size=&#8221;full&#8221; alignment=&#8221;center&#8221; qode_css_animation=&#8221;&#8221; el_class=&#8221;width_60&#8243;][vc_column_text]<\/p>\n<div class=\"one-third column\">\n<h4 style=\"text-align: center;\">VALORE<\/h4>\n<p style=\"text-align: center;\">Come mercato contadino abbiamo dato il nostro piccolo contributo, senza alcun finanziamento pubblico, per salvare molte piccole imprese agricole locali, per garantire buon cibo ai cittadini dei nostri territori, per rivitalizzare l\u2019economia locale, per creare valore e capitale sociale, per fermare il consumo di terreno agricolo.<\/p>\n<\/div>\n<div class=\"clear\" style=\"text-align: center;\"><\/div>\n<p>[\/vc_column_text][\/vc_column_inner][\/vc_row_inner][\/vc_column][\/vc_row][vc_row css_animation=&#8221;&#8221; row_type=&#8221;row&#8221; use_row_as_full_screen_section=&#8221;no&#8221; type=&#8221;full_width&#8221; angled_section=&#8221;no&#8221; text_align=&#8221;left&#8221; background_image_as_pattern=&#8221;without_pattern&#8221;][vc_column][vc_column_text]<\/p>\n<div style=\"width: 100%;\"><img loading=\"lazy\" decoding=\"async\" class=\"aligncenter size-full wp-image-278\" style=\"height: 200px; width: 100%; margin-top: 0; min-height: 300px; object-fit: cover;\" src=\"http:\/\/www.mercatocontadino.org\/public\/wp-content\/uploads\/2016\/06\/mercato_contadino_comunita_del_cibo_km0_spesa_di_qualita.jpg\" alt=\"mercato_contadino_comunita_del_cibo_km0_spesa_di_qualita\" width=\"1702\" height=\"441\" srcset=\"https:\/\/www.mercatocontadino.org\/public\/wp-content\/uploads\/2016\/06\/mercato_contadino_comunita_del_cibo_km0_spesa_di_qualita.jpg 1702w, https:\/\/www.mercatocontadino.org\/public\/wp-content\/uploads\/2016\/06\/mercato_contadino_comunita_del_cibo_km0_spesa_di_qualita-300x78.jpg 300w, https:\/\/www.mercatocontadino.org\/public\/wp-content\/uploads\/2016\/06\/mercato_contadino_comunita_del_cibo_km0_spesa_di_qualita-768x199.jpg 768w, https:\/\/www.mercatocontadino.org\/public\/wp-content\/uploads\/2016\/06\/mercato_contadino_comunita_del_cibo_km0_spesa_di_qualita-1024x265.jpg 1024w, https:\/\/www.mercatocontadino.org\/public\/wp-content\/uploads\/2016\/06\/mercato_contadino_comunita_del_cibo_km0_spesa_di_qualita-700x181.jpg 700w\" sizes=\"(max-width: 1702px) 100vw, 1702px\" \/><\/div>\n<p>[\/vc_column_text][\/vc_column][\/vc_row][vc_row css_animation=&#8221;&#8221; row_type=&#8221;row&#8221; use_row_as_full_screen_section=&#8221;no&#8221; type=&#8221;grid&#8221; angled_section=&#8221;no&#8221; text_align=&#8221;left&#8221; background_image_as_pattern=&#8221;without_pattern&#8221; css=&#8221;.vc_custom_1538665451548{padding-top: 40px !important;padding-bottom: 40px !important;}&#8221;][vc_column offset=&#8221;vc_col-md-offset-2 vc_col-md-8&#8243;][vc_column_text css=&#8221;.vc_custom_1717729445200{padding-right: 40px !important;padding-left: 40px !important;}&#8221;]<\/p>\n<h2 style=\"text-align: center; text-transform: uppercase;\">Dal produttore al fruitore<\/h2>\n<p>[vc_separator type=&#8217;transparent&#8217; position=&#8217;center&#8217; color=&#8221; thickness=&#8221; up=&#8217;20&#8217; down=&#8221;]<\/p>\n<p style=\"text-align: center;\">Produttori e consumatori della provincia di Roma e della Regione Lazio, stanchi della propria solitudine, si sono uniti in una comunit\u00e0 del cibo in cui ciascuno potesse contare qualcosa di pi\u00f9 e potesse riaffermare i propri diritti: il diritto dei produttori alla giusta remunerazione del proprio lavoro ed il diritto dei consumatori alla sovranit\u00e0 alimentare, alla libera scelta di un cibo buono. Scegliere cibo locale e guardare negli occhi i produttori del proprio cibo ha significato dire molti no all\u2019ingiusto sistema internazionale di produzione e distribuzione del cibo.<\/p>\n<p>&nbsp;<\/p>\n<p>&nbsp;<\/p>\n<h3 style=\"text-align: center; margin-bottom: 20px; text-transform: uppercase;\">Con i prodotti alimentari locali di qualit\u00e0 ci siamo ripresi la nostra vita.<\/h3>\n<p style=\"text-align: center;\">Si!!.. abbiamo detto no all\u2019anonimo cibo di plastica che corre su e gi\u00f9 per le strade del mondo, su ruote e scafi che inquinano; no ai prodotti alimentari delle multinazionali che impiegano una quantit\u00e0 di energia 10 volte superiore a quella che si utilizza in un piccolo campo agricolo per produrre la medesima quantit\u00e0 di cibo.<\/p>\n<p>&nbsp;<\/p>\n<p style=\"text-align: center;\">Abbiamo detto si a \u2018cibo e salute\u2019, a un alimentazione corretta, a prodotti alimentari sani e genuini, a fare la spesa risparmiando sui prezzi di trasporto e di intermediazione commerciale tra produttore e consumatore, guadagnandoci in qualit\u00e0 e affidabilit\u00e0.<\/p>\n<p>&nbsp;<\/p>\n<p style=\"text-align: center;\">Dietro il cambiamento di piccoli gesti quotidiani finalizzati alla ricerca del miglior cibo per nutrire se stessi ed i propri figli si \u00e8 realizzata per molte famiglie una grande rivoluzione senza uscire dal cortile di casa.<\/p>\n<p>[\/vc_column_text][\/vc_column][\/vc_row][vc_row css_animation=&#8221;&#8221; row_type=&#8221;row&#8221; use_row_as_full_screen_section=&#8221;no&#8221; type=&#8221;full_width&#8221; angled_section=&#8221;no&#8221; text_align=&#8221;left&#8221; background_image_as_pattern=&#8221;without_pattern&#8221;][vc_column][vc_column_text]<img loading=\"lazy\" decoding=\"async\" class=\"aligncenter size-full wp-image-3530\" style=\"width: 100%;\" src=\"https:\/\/www.mercatocontadino.org\/public\/wp-content\/uploads\/2023\/03\/mercato_contadino_dove_e_quando.jpg\" alt=\"mercato contadino dove e quando\" width=\"2000\" height=\"823\" srcset=\"https:\/\/www.mercatocontadino.org\/public\/wp-content\/uploads\/2023\/03\/mercato_contadino_dove_e_quando.jpg 2000w, https:\/\/www.mercatocontadino.org\/public\/wp-content\/uploads\/2023\/03\/mercato_contadino_dove_e_quando-300x123.jpg 300w, https:\/\/www.mercatocontadino.org\/public\/wp-content\/uploads\/2023\/03\/mercato_contadino_dove_e_quando-1024x421.jpg 1024w, https:\/\/www.mercatocontadino.org\/public\/wp-content\/uploads\/2023\/03\/mercato_contadino_dove_e_quando-768x316.jpg 768w, https:\/\/www.mercatocontadino.org\/public\/wp-content\/uploads\/2023\/03\/mercato_contadino_dove_e_quando-1536x632.jpg 1536w, https:\/\/www.mercatocontadino.org\/public\/wp-content\/uploads\/2023\/03\/mercato_contadino_dove_e_quando-700x288.jpg 700w\" sizes=\"(max-width: 2000px) 100vw, 2000px\" \/>[\/vc_column_text][\/vc_column][\/vc_row][vc_row css_animation=&#8221;&#8221; row_type=&#8221;row&#8221; use_row_as_full_screen_section=&#8221;no&#8221; type=&#8221;grid&#8221; angled_section=&#8221;no&#8221; text_align=&#8221;left&#8221; background_image_as_pattern=&#8221;without_pattern&#8221; css=&#8221;.vc_custom_1538665525868{padding-top: 40px !important;padding-bottom: 40px !important;}&#8221;][vc_column offset=&#8221;vc_col-md-offset-2 vc_col-md-8&#8243;][vc_column_text]<\/p>\n<h2 style=\"text-transform: uppercase; text-align: center;\">Fare la spesa\u00a0per l&#8217;economia locale<\/h2>\n<p style=\"text-align: center;\">[vc_separator type=&#8217;transparent&#8217; position=&#8217;center&#8217; color=&#8221; thickness=&#8221; up=&#8217;20&#8217; down=&#8221;]<\/p>\n<p style=\"text-align: center;\">Agricoltura e gastronomia della liberazione potremmo forse dire. I produttori, da parte loro, hanno trovato nei consumatori gli alleati di strada per riscattare le proprie difficili condizioni di vita dai padroni del ciclo delle intermediazioni commerciali. Prezzi pi\u00f9 giusti per i produttori e pi\u00f9 contenuti per i consumatori grazie alla riduzione dei costi delle intermediazioni e dei trasporti, con minore impatto ambientale e maggior risparmio energetico.<\/p>\n<p>&nbsp;<\/p>\n<p style=\"text-align: center;\">E\u2019 anche grazie al Mercato Contadino dei Castelli Romani che molti figli hanno ripreso l\u2019attivit\u00e0 agricola dei padri e dei nonni. E\u2019 grazie al mercato contadino che molti nuovi giovani produttori hanno potuto guardare negli occhi i propri acquirenti e, grazie a questo sguardo, sono stati spinti a migliorare i livelli qualitativi della produzione, con tecniche di coltivazione conservative ed ecocompatibili, a basso impatto ambientale.<\/p>\n<p>&nbsp;<\/p>\n<p style=\"text-align: center;\">CON IL RISPETTO DEI PRINCIPI DELLA SOVRANITA\u2019 ALIMENTARE E DELLA BIODIVERSITA CONTRIBUIAMO A SALVAGUARDARE IL NOSTRO AMBIENTE ED I MONUMENTI AGROALIMENTARI DEI NOSTRI TERRITORI.<\/p>\n<p>&nbsp;<\/p>\n<p style=\"text-align: center;\">Abbiamo dato il nostro piccolo contributo (senza alcun finanziamento pubblico) per fermare il consumo di terreno agricolo, per rivitalizzare l\u2019economia locale, per creare valore e capitale sociale, per essere \u201ccustodi di culture autoctone e fondatori di economie locali\u201d.<\/p>\n<p>&nbsp;<\/p>\n<p style=\"text-align: center;\">Abbiamo migliorato le nostre vite e quelle dei mondi che ci girano attorno. Un mondo nuovo in cui, per parafrasare il Gabriel Marquez di \u201cCent\u2019anni di solitudine\u201d, molte cose non sono pi\u00f9 prive di nome e per citarle non \u00e8 pi\u00f9 necessario indicarle con il dito.<\/p>\n<p>&nbsp;<\/p>\n<p style=\"text-align: center;\">Oggi il Mercato Contadino dei Castelli Romani \u00e8 presente in molti comuni e localit\u00e0 dell\u2019area metropolitana di Roma, tra cui <a href=\"http:\/\/www.mercatocontadino.org\/public\/quando-e-dove-mercato-contadino-castelli-romani\/mercato-contadino-ariccia\/\">Ariccia<\/a>, <a href=\"http:\/\/www.mercatocontadino.org\/public\/quando-e-dove-mercato-contadino-castelli-romani\/mercato-contadino-albano-laziale\/\">Albano Laziale<\/a>, <a href=\"http:\/\/www.mercatocontadino.org\/public\/quando-e-dove-mercato-contadino-castelli-romani\/mercato-contadino-genzano-di-roma\/\">Genzano di Roma<\/a>, <a href=\"http:\/\/www.mercatocontadino.org\/public\/quando-e-dove-mercato-contadino-castelli-romani\/mercato-contadino-pavona\/\">Pavona<\/a>, <a href=\"http:\/\/www.mercatocontadino.org\/public\/quando-e-dove-mercato-contadino-castelli-romani\/mercato-contadino-frascati\/\">Frascati<\/a>, <a href=\"http:\/\/www.mercatocontadino.org\/public\/quando-e-dove-mercato-contadino-castelli-romani\/mercato-contadino-rocca-di-papa\/\">Rocca di Papa<\/a>, <a href=\"http:\/\/www.mercatocontadino.org\/public\/quando-e-dove-mercato-contadino-castelli-romani\/mercato-contadino-grottaferrata\/\">Grottaferrata<\/a>, <a href=\"http:\/\/www.mercatocontadino.org\/public\/quando-e-dove-mercato-contadino-castelli-romani\/mercato-contadino-roma-capannelle\/\">Roma Capannelle<\/a>, <a href=\"http:\/\/www.mercatocontadino.org\/public\/quando-e-dove-mercato-contadino-castelli-romani\/mercato-contadino-roma-eur-torrino\/\">Rome Eur Torrino<\/a> grazie al sostegno di cittadini, amministratori, comitati di quartiere ed associazioni con cui abbiamo trasformato le nostre piazze in luoghi di scambio equo ed in spazi pubblici di comunicazione per la difesa dei beni comuni. Fondamentale naturalmente il sostegno programmatico delle amministrazioni Comunali, dell\u2019ex Provincia di Roma (attuale Citt\u00e0 metropolitana di Roma Capitale) e del Parco dei Castelli Romani.<\/p>\n<p>[\/vc_column_text][\/vc_column][\/vc_row][vc_row css_animation=&#8221;&#8221; row_type=&#8221;row&#8221; use_row_as_full_screen_section=&#8221;no&#8221; type=&#8221;grid&#8221; angled_section=&#8221;no&#8221; text_align=&#8221;left&#8221; background_image_as_pattern=&#8221;without_pattern&#8221; css=&#8221;.vc_custom_1551370303823{padding-top: 40px !important;padding-bottom: 40px !important;background-color: #ffffff !important;}&#8221;][vc_column]<div class='qode_carousels_holder clearfix'><div class='qode_carousels' data-number-of-visible-items='5'><ul class='slides'><li class='item'><div class=\"carousel_item_holder\"><a itemprop='url' href='https:\/\/www.comune.marino.rm.gov.it\/evento\/mercato-contadino-sbarca-marino' target='_blank'><span class='first_image_holder '><img decoding=\"async\" itemprop=\"image\" src=\"http:\/\/www.mercatocontadino.org\/public\/wp-content\/uploads\/2019\/02\/comune_di_marino_mercato_contadino_logo.jpg\" alt=\"carousel image\" \/><\/span><\/a><\/div><\/li><li class='item'><div class=\"carousel_item_holder\"><a itemprop='url' href='http:\/\/www.ariccia.rm.gov.it\/news\/eventi-iniziative\/il-mercato-del-contadino-di-ariccia-dalla-terra-alla-tavola' target='_blank'><span class='first_image_holder has_hover_image'><img decoding=\"async\" itemprop=\"image\" src=\"http:\/\/www.mercatocontadino.org\/public\/wp-content\/uploads\/2016\/07\/citta_di_ariccia_logo.png\" alt=\"carousel image\" \/><\/span><span class='second_image_holder has_hover_image'><img decoding=\"async\" itemprop=\"image\" src=\"http:\/\/www.mercatocontadino.org\/public\/wp-content\/uploads\/2016\/07\/citta_di_ariccia_logo.png\" alt=\"carousel image\" \/><\/span><\/a><\/div><\/li><li class='item'><div class=\"carousel_item_holder\"><a itemprop='url' href='http:\/\/www.comune.albanolaziale.rm.it\/flex\/cm\/pages\/ServeBLOB.php\/L\/IT\/IDPagina\/127' target='_blank'><span class='first_image_holder '><img decoding=\"async\" itemprop=\"image\" src=\"http:\/\/www.mercatocontadino.org\/public\/wp-content\/uploads\/2016\/07\/citta_di_albano_laziale_logo.png\" alt=\"carousel image\" \/><\/span><\/a><\/div><\/li><li class='item'><div class=\"carousel_item_holder\"><a itemprop='url' href='http:\/\/www.comune.frascati.rm.it\/index.php?id_oggetto=10&id_doc=886&id_sez_ori=0&template_ori=1' target='_blank'><span class='first_image_holder '><img decoding=\"async\" itemprop=\"image\" src=\"http:\/\/www.mercatocontadino.org\/public\/wp-content\/uploads\/2016\/07\/citta_di_frascati_logo.png\" alt=\"carousel image\" \/><\/span><\/a><\/div><\/li><li class='item'><div class=\"carousel_item_holder\"><a itemprop='url' href='http:\/\/www.comune.genzanodiroma.roma.it\/Notizie-Comunicati\/Il%20Mercato%20Contadino%20Castelli%20Romani%20sbarca%20a%20Genzano.aspx' target='_blank'><span class='first_image_holder '><img decoding=\"async\" itemprop=\"image\" src=\"http:\/\/www.mercatocontadino.org\/public\/wp-content\/uploads\/2016\/07\/citta_di_genzano_di_roma_logo.png\" alt=\"carousel image\" \/><\/span><\/a><\/div><\/li><li class='item'><div class=\"carousel_item_holder\"><span class='first_image_holder '><img decoding=\"async\" itemprop=\"image\" src=\"http:\/\/www.mercatocontadino.org\/public\/wp-content\/uploads\/2016\/07\/citta_di_grottaferrata_logo.png\" alt=\"carousel image\" \/><\/span><\/div><\/li><li class='item'><div class=\"carousel_item_holder\"><a itemprop='url' href='http:\/\/www.comune.roccadipapa.rm.it\/search\/node\/mercato%20contadino' target='_blank'><span class='first_image_holder '><img decoding=\"async\" itemprop=\"image\" src=\"http:\/\/www.mercatocontadino.org\/public\/wp-content\/uploads\/2016\/07\/citta_di_rocca_di_papa_logo.png\" alt=\"carousel image\" \/><\/span><\/a><\/div><\/li><li class='item'><div class=\"carousel_item_holder\"><a itemprop='url' href='http:\/\/www.regione.lazio.it\/mercaticontadini\/?s=coltivendo' target='_blank'><span class='first_image_holder '><img decoding=\"async\" itemprop=\"image\" src=\"http:\/\/www.mercatocontadino.org\/public\/wp-content\/uploads\/2016\/07\/citta_metropolitana_roma_capitale_logo.png\" alt=\"carousel image\" \/><\/span><\/a><\/div><\/li><\/ul><\/div><\/div>[vc_separator type=&#8221;normal&#8221; thickness=&#8221;5px&#8221;]<div class='qode_carousels_holder clearfix'><div class='qode_carousels' data-number-of-visible-items='5'><ul class='slides'><li class='item'><div class=\"carousel_item_holder\"><a itemprop='url' href='http:\/\/www.agricolturacapodarco.it\/' target='_blank'><span class='first_image_holder '><img decoding=\"async\" itemprop=\"image\" src=\"http:\/\/www.mercatocontadino.org\/public\/wp-content\/uploads\/2018\/10\/agricoltura-capodarco-mercato-contadino.jpg\" alt=\"carousel image\" \/><\/span><\/a><\/div><\/li><li class='item'><div class=\"carousel_item_holder\"><span class='first_image_holder '><img decoding=\"async\" itemprop=\"image\" src=\"http:\/\/www.mercatocontadino.org\/public\/wp-content\/uploads\/2018\/10\/coltivendo_mercato_contadino-2.jpg\" alt=\"carousel image\" \/><\/span><\/div><\/li><li class='item'><div class=\"carousel_item_holder\"><a itemprop='url' href='https:\/\/www.foodrelovution.com\/' target='_blank'><span class='first_image_holder '><img decoding=\"async\" itemprop=\"image\" src=\"http:\/\/www.mercatocontadino.org\/public\/wp-content\/uploads\/2018\/10\/food_relovution_mercato_contadino-1.jpg\" alt=\"carousel image\" \/><\/span><\/a><\/div><\/li><li class='item'><div class=\"carousel_item_holder\"><a itemprop='url' href='http:\/\/www.regione.lazio.it\/mercaticontadini\/' target='_blank'><span class='first_image_holder '><img decoding=\"async\" itemprop=\"image\" src=\"http:\/\/www.mercatocontadino.org\/public\/wp-content\/uploads\/2016\/07\/arsial_logo.png\" alt=\"carousel image\" \/><\/span><\/a><\/div><\/li><li class='item'><div class=\"carousel_item_holder\"><a itemprop='url' href='http:\/\/bio.uniroma2.it\/ortobotanico\/?s=mercato' target='_blank'><span class='first_image_holder '><img decoding=\"async\" itemprop=\"image\" src=\"http:\/\/www.mercatocontadino.org\/public\/wp-content\/uploads\/2018\/10\/orto_botanico_tor_vergata_mercato_contadino.jpg\" alt=\"carousel image\" \/><\/span><\/a><\/div><\/li><li class='item'><div class=\"carousel_item_holder\"><a itemprop='url' href='http:\/\/www.parchidellacolombo.it\/' target='_blank'><span class='first_image_holder '><img decoding=\"async\" itemprop=\"image\" src=\"http:\/\/www.mercatocontadino.org\/public\/wp-content\/uploads\/2018\/02\/parchi_colombo_mercato-1.png\" alt=\"carousel image\" \/><\/span><\/a><\/div><\/li><li class='item'><div class=\"carousel_item_holder\"><a itemprop='url' href='http:\/\/www.cerealialudi.org\/' target='_blank'><span class='first_image_holder '><img decoding=\"async\" itemprop=\"image\" src=\"http:\/\/www.mercatocontadino.org\/public\/wp-content\/uploads\/2016\/08\/cerealia_festa_dei_cereali_logo.png\" alt=\"carousel image\" \/><\/span><\/a><\/div><\/li><li class='item'><div class=\"carousel_item_holder\"><a itemprop='url' href='http:\/\/www.parcocastelliromani.it\/' target='_blank'><span class='first_image_holder '><img decoding=\"async\" itemprop=\"image\" src=\"http:\/\/www.mercatocontadino.org\/public\/wp-content\/uploads\/2016\/08\/parco_castelli_romani_logo.png\" alt=\"carousel image\" \/><\/span><\/a><\/div><\/li><\/ul><\/div><\/div>[vc_separator type=&#8221;normal&#8221; thickness=&#8221;5px&#8221;]<div class='qode_carousels_holder clearfix'><div class='qode_carousels' data-number-of-visible-items='5'><ul class='slides'><li class='item'><div class=\"carousel_item_holder\"><a itemprop='url' href='https:\/\/stardustvillage.it\/' target='_blank'><span class='first_image_holder '><img decoding=\"async\" itemprop=\"image\" src=\"http:\/\/www.mercatocontadino.org\/public\/wp-content\/uploads\/2019\/02\/stardust_logo_mercato_contadino.jpg\" alt=\"carousel image\" \/><\/span><\/a><\/div><\/li><li class='item'><div class=\"carousel_item_holder\"><a itemprop='url' href='https:\/\/www.parcoappiaantica.it\/' target='_blank'><span class='first_image_holder '><img decoding=\"async\" itemprop=\"image\" src=\"http:\/\/www.mercatocontadino.org\/public\/wp-content\/uploads\/2019\/02\/parco_regionale_appia_antica_logo_mercato_contadino.jpg\" alt=\"carousel image\" \/><\/span><\/a><\/div><\/li><li class='item'><div class=\"carousel_item_holder\"><a itemprop='url' href='https:\/\/www.navdanyainternational.it\/it\/' target='_blank'><span class='first_image_holder has_hover_image'><img decoding=\"async\" itemprop=\"image\" src=\"http:\/\/www.mercatocontadino.org\/public\/wp-content\/uploads\/2019\/02\/navdanya_international_logo_mercato_contadino.jpg\" alt=\"carousel image\" \/><\/span><span class='second_image_holder has_hover_image'><img decoding=\"async\" itemprop=\"image\" src=\"http:\/\/www.mercatocontadino.org\/public\/wp-content\/uploads\/2019\/02\/navdanya_international_logo_mercato_contadino.jpg\" alt=\"carousel image\" \/><\/span><\/a><\/div><\/li><li class='item'><div class=\"carousel_item_holder\"><a itemprop='url' href='http:\/\/www.capannelleippodromo.it\/' target='_blank'><span class='first_image_holder '><img decoding=\"async\" itemprop=\"image\" src=\"http:\/\/www.mercatocontadino.org\/public\/wp-content\/uploads\/2016\/08\/ippodromo_capannelle_logo2016_mercato_contadino_castelli_romani_website-1.jpg\" alt=\"carousel image\" \/><\/span><\/a><\/div><\/li><\/ul><\/div><\/div>[\/vc_column][\/vc_row]<\/p>\n","protected":false},"excerpt":{"rendered":"<p>[vc_row css_animation=&#8221;&#8221; row_type=&#8221;row&#8221; use_row_as_full_screen_section=&#8221;no&#8221; type=&#8221;full_width&#8221; angled_section=&#8221;no&#8221; text_align=&#8221;left&#8221; background_image_as_pattern=&#8221;without_pattern&#8221; css=&#8221;.vc_custom_1714691840574{padding-top: 40px !important;padding-bottom: 40px !important;}&#8221; z_index=&#8221;&#8221;][vc_column][vc_column_text][\/vc_column_text][\/vc_column][\/vc_row][vc_row css_animation=&#8221;&#8221; row_type=&#8221;row&#8221; use_row_as_full_screen_section=&#8221;no&#8221; type=&#8221;full_width&#8221; angled_section=&#8221;no&#8221; text_align=&#8221;left&#8221; background_image_as_pattern=&#8221;with_pattern&#8221; background_color=&#8221;#007a0a&#8221; css=&#8221;.vc_custom_1538665207365{background-color: #ffffff !important;}&#8221;][vc_column css=&#8221;.vc_custom_1538666710165{background-color: #127a00 !important;}&#8221;][vc_row_inner row_type=&#8221;row&#8221; type=&#8221;grid&#8221; text_align=&#8221;left&#8221; css_animation=&#8221;&#8221; css=&#8221;.vc_custom_1669893997314{padding-right: 0px !important;padding-bottom:&#8230;<\/p>\n","protected":false},"author":1,"featured_media":0,"parent":0,"menu_order":0,"comment_status":"closed","ping_status":"closed","template":"full_width.php","meta":{"footnotes":""},"yoast_head":"<!-- This site is optimized with the Yoast SEO plugin v23.6 - https:\/\/yoast.com\/wordpress\/plugins\/seo\/ -->\r\n<title>CHI SIAMO - Mercato Contadino Roma e Castelli Romani<\/title>\r\n<meta name=\"description\" content=\"Scopri di pi\u00f9 sui Mercati Contadini Roma e Castelli Romani. Spesa km 0, prodotti biologici, igp, doc, docg, dop, freschi, naturali, dalla terra alla tavola.\" \/>\r\n<meta name=\"robots\" content=\"index, follow, max-snippet:-1, max-image-preview:large, max-video-preview:-1\" \/>\r\n<link rel=\"canonical\" href=\"https:\/\/www.mercatocontadino.org\/public\/mercato-contadino-roma-castelli-romani\/\" \/>\r\n<meta property=\"og:locale\" content=\"it_IT\" \/>\r\n<meta property=\"og:type\" content=\"article\" \/>\r\n<meta property=\"og:title\" content=\"CHI SIAMO - Mercato Contadino Roma e Castelli Romani\" \/>\r\n<meta property=\"og:description\" content=\"Scopri di pi\u00f9 sui Mercati Contadini Roma e Castelli Romani. Spesa km 0, prodotti biologici, igp, doc, docg, dop, freschi, naturali, dalla terra alla tavola.\" \/>\r\n<meta property=\"og:url\" content=\"https:\/\/www.mercatocontadino.org\/public\/mercato-contadino-roma-castelli-romani\/\" \/>\r\n<meta property=\"og:site_name\" content=\"Mercato Contadino Roma e Castelli Romani\" \/>\r\n<meta property=\"article:modified_time\" content=\"2024-06-07T03:05:31+00:00\" \/>\r\n<meta property=\"og:image\" content=\"https:\/\/www.mercatocontadino.org\/public\/wp-content\/uploads\/2024\/05\/mercato-contadino-roma-mecato-contadino-castelli-romani-bandiera-1.jpg\" \/>\r\n\t<meta property=\"og:image:width\" content=\"1200\" \/>\r\n\t<meta property=\"og:image:height\" content=\"840\" \/>\r\n\t<meta property=\"og:image:type\" content=\"image\/jpeg\" \/>\r\n<meta name=\"twitter:card\" content=\"summary_large_image\" \/>\r\n<meta name=\"twitter:label1\" content=\"Tempo di lettura stimato\" \/>\n\t<meta name=\"twitter:data1\" content=\"8 minuti\" \/>\r\n<script type=\"application\/ld+json\" class=\"yoast-schema-graph\">{\"@context\":\"https:\/\/schema.org\",\"@graph\":[{\"@type\":\"WebPage\",\"@id\":\"https:\/\/www.mercatocontadino.org\/public\/mercato-contadino-roma-castelli-romani\/\",\"url\":\"https:\/\/www.mercatocontadino.org\/public\/mercato-contadino-roma-castelli-romani\/\",\"name\":\"CHI SIAMO - Mercato Contadino Roma e Castelli Romani\",\"isPartOf\":{\"@id\":\"https:\/\/www.mercatocontadino.org\/public\/#website\"},\"primaryImageOfPage\":{\"@id\":\"https:\/\/www.mercatocontadino.org\/public\/mercato-contadino-roma-castelli-romani\/#primaryimage\"},\"image\":{\"@id\":\"https:\/\/www.mercatocontadino.org\/public\/mercato-contadino-roma-castelli-romani\/#primaryimage\"},\"thumbnailUrl\":\"https:\/\/www.mercatocontadino.org\/public\/wp-content\/uploads\/2024\/05\/mercato-contadino-roma-mecato-contadino-castelli-romani-bandiera-1.jpg\",\"datePublished\":\"2016-06-19T18:43:27+00:00\",\"dateModified\":\"2024-06-07T03:05:31+00:00\",\"description\":\"Scopri di pi\u00f9 sui Mercati Contadini Roma e Castelli Romani. Spesa km 0, prodotti biologici, igp, doc, docg, dop, freschi, naturali, dalla terra alla tavola.\",\"breadcrumb\":{\"@id\":\"https:\/\/www.mercatocontadino.org\/public\/mercato-contadino-roma-castelli-romani\/#breadcrumb\"},\"inLanguage\":\"it-IT\",\"potentialAction\":[{\"@type\":\"ReadAction\",\"target\":[\"https:\/\/www.mercatocontadino.org\/public\/mercato-contadino-roma-castelli-romani\/\"]}]},{\"@type\":\"ImageObject\",\"inLanguage\":\"it-IT\",\"@id\":\"https:\/\/www.mercatocontadino.org\/public\/mercato-contadino-roma-castelli-romani\/#primaryimage\",\"url\":\"https:\/\/www.mercatocontadino.org\/public\/wp-content\/uploads\/2024\/05\/mercato-contadino-roma-mecato-contadino-castelli-romani-bandiera-1.jpg\",\"contentUrl\":\"https:\/\/www.mercatocontadino.org\/public\/wp-content\/uploads\/2024\/05\/mercato-contadino-roma-mecato-contadino-castelli-romani-bandiera-1.jpg\",\"width\":1200,\"height\":840},{\"@type\":\"BreadcrumbList\",\"@id\":\"https:\/\/www.mercatocontadino.org\/public\/mercato-contadino-roma-castelli-romani\/#breadcrumb\",\"itemListElement\":[{\"@type\":\"ListItem\",\"position\":1,\"name\":\"Home\",\"item\":\"https:\/\/www.mercatocontadino.org\/public\/\"},{\"@type\":\"ListItem\",\"position\":2,\"name\":\"CHI SIAMO\"}]},{\"@type\":\"WebSite\",\"@id\":\"https:\/\/www.mercatocontadino.org\/public\/#website\",\"url\":\"https:\/\/www.mercatocontadino.org\/public\/\",\"name\":\"Mercato Contadino Roma e Castelli Romani\",\"description\":\"Diffondiamo Prodotti Agroalimentari di Qualit\u00e0, Km0, di Filiera Corta\",\"potentialAction\":[{\"@type\":\"SearchAction\",\"target\":{\"@type\":\"EntryPoint\",\"urlTemplate\":\"https:\/\/www.mercatocontadino.org\/public\/?s={search_term_string}\"},\"query-input\":{\"@type\":\"PropertyValueSpecification\",\"valueRequired\":true,\"valueName\":\"search_term_string\"}}],\"inLanguage\":\"it-IT\"}]}<\/script>\r\n<!-- \/ Yoast SEO plugin. -->","yoast_head_json":{"title":"CHI SIAMO - Mercato Contadino Roma e Castelli Romani","description":"Scopri di pi\u00f9 sui Mercati Contadini Roma e Castelli Romani. Spesa km 0, prodotti biologici, igp, doc, docg, dop, freschi, naturali, dalla terra alla tavola.","robots":{"index":"index","follow":"follow","max-snippet":"max-snippet:-1","max-image-preview":"max-image-preview:large","max-video-preview":"max-video-preview:-1"},"canonical":"https:\/\/www.mercatocontadino.org\/public\/mercato-contadino-roma-castelli-romani\/","og_locale":"it_IT","og_type":"article","og_title":"CHI SIAMO - Mercato Contadino Roma e Castelli Romani","og_description":"Scopri di pi\u00f9 sui Mercati Contadini Roma e Castelli Romani. Spesa km 0, prodotti biologici, igp, doc, docg, dop, freschi, naturali, dalla terra alla tavola.","og_url":"https:\/\/www.mercatocontadino.org\/public\/mercato-contadino-roma-castelli-romani\/","og_site_name":"Mercato Contadino Roma e Castelli Romani","article_modified_time":"2024-06-07T03:05:31+00:00","og_image":[{"width":1200,"height":840,"url":"https:\/\/www.mercatocontadino.org\/public\/wp-content\/uploads\/2024\/05\/mercato-contadino-roma-mecato-contadino-castelli-romani-bandiera-1.jpg","type":"image\/jpeg"}],"twitter_card":"summary_large_image","twitter_misc":{"Tempo di lettura stimato":"8 minuti"},"schema":{"@context":"https:\/\/schema.org","@graph":[{"@type":"WebPage","@id":"https:\/\/www.mercatocontadino.org\/public\/mercato-contadino-roma-castelli-romani\/","url":"https:\/\/www.mercatocontadino.org\/public\/mercato-contadino-roma-castelli-romani\/","name":"CHI SIAMO - Mercato Contadino Roma e Castelli Romani","isPartOf":{"@id":"https:\/\/www.mercatocontadino.org\/public\/#website"},"primaryImageOfPage":{"@id":"https:\/\/www.mercatocontadino.org\/public\/mercato-contadino-roma-castelli-romani\/#primaryimage"},"image":{"@id":"https:\/\/www.mercatocontadino.org\/public\/mercato-contadino-roma-castelli-romani\/#primaryimage"},"thumbnailUrl":"https:\/\/www.mercatocontadino.org\/public\/wp-content\/uploads\/2024\/05\/mercato-contadino-roma-mecato-contadino-castelli-romani-bandiera-1.jpg","datePublished":"2016-06-19T18:43:27+00:00","dateModified":"2024-06-07T03:05:31+00:00","description":"Scopri di pi\u00f9 sui Mercati Contadini Roma e Castelli Romani. Spesa km 0, prodotti biologici, igp, doc, docg, dop, freschi, naturali, dalla terra alla tavola.","breadcrumb":{"@id":"https:\/\/www.mercatocontadino.org\/public\/mercato-contadino-roma-castelli-romani\/#breadcrumb"},"inLanguage":"it-IT","potentialAction":[{"@type":"ReadAction","target":["https:\/\/www.mercatocontadino.org\/public\/mercato-contadino-roma-castelli-romani\/"]}]},{"@type":"ImageObject","inLanguage":"it-IT","@id":"https:\/\/www.mercatocontadino.org\/public\/mercato-contadino-roma-castelli-romani\/#primaryimage","url":"https:\/\/www.mercatocontadino.org\/public\/wp-content\/uploads\/2024\/05\/mercato-contadino-roma-mecato-contadino-castelli-romani-bandiera-1.jpg","contentUrl":"https:\/\/www.mercatocontadino.org\/public\/wp-content\/uploads\/2024\/05\/mercato-contadino-roma-mecato-contadino-castelli-romani-bandiera-1.jpg","width":1200,"height":840},{"@type":"BreadcrumbList","@id":"https:\/\/www.mercatocontadino.org\/public\/mercato-contadino-roma-castelli-romani\/#breadcrumb","itemListElement":[{"@type":"ListItem","position":1,"name":"Home","item":"https:\/\/www.mercatocontadino.org\/public\/"},{"@type":"ListItem","position":2,"name":"CHI SIAMO"}]},{"@type":"WebSite","@id":"https:\/\/www.mercatocontadino.org\/public\/#website","url":"https:\/\/www.mercatocontadino.org\/public\/","name":"Mercato Contadino Roma e Castelli Romani","description":"Diffondiamo Prodotti Agroalimentari di Qualit\u00e0, Km0, di Filiera Corta","potentialAction":[{"@type":"SearchAction","target":{"@type":"EntryPoint","urlTemplate":"https:\/\/www.mercatocontadino.org\/public\/?s={search_term_string}"},"query-input":{"@type":"PropertyValueSpecification","valueRequired":true,"valueName":"search_term_string"}}],"inLanguage":"it-IT"}]}},"_links":{"self":[{"href":"https:\/\/www.mercatocontadino.org\/public\/wp-json\/wp\/v2\/pages\/18"}],"collection":[{"href":"https:\/\/www.mercatocontadino.org\/public\/wp-json\/wp\/v2\/pages"}],"about":[{"href":"https:\/\/www.mercatocontadino.org\/public\/wp-json\/wp\/v2\/types\/page"}],"author":[{"embeddable":true,"href":"https:\/\/www.mercatocontadino.org\/public\/wp-json\/wp\/v2\/users\/1"}],"replies":[{"embeddable":true,"href":"https:\/\/www.mercatocontadino.org\/public\/wp-json\/wp\/v2\/comments?post=18"}],"version-history":[{"count":142,"href":"https:\/\/www.mercatocontadino.org\/public\/wp-json\/wp\/v2\/pages\/18\/revisions"}],"predecessor-version":[{"id":4142,"href":"https:\/\/www.mercatocontadino.org\/public\/wp-json\/wp\/v2\/pages\/18\/revisions\/4142"}],"wp:attachment":[{"href":"https:\/\/www.mercatocontadino.org\/public\/wp-json\/wp\/v2\/media?parent=18"}],"curies":[{"name":"wp","href":"https:\/\/api.w.org\/{rel}","templated":true}]}}